{"id":236,"date":"2022-09-13T09:46:52","date_gmt":"2022-09-13T12:46:52","guid":{"rendered":"https:\/\/www.ortopedicav2.com.br\/site\/?post_type=product&#038;p=236"},"modified":"2024-11-12T19:48:29","modified_gmt":"2024-11-12T22:48:29","slug":"colete-putti-alto","status":"publish","type":"product","link":"https:\/\/www.ortopedicav2.com.br\/site\/produto\/colete-putti-alto\/","title":{"rendered":"Colete Putti Alto"},"content":{"rendered":"<div class=\"line\">\n<h3 class=\"title big\">Finalidade<\/h3>\n<\/div>\n<div class=\"paddingbox\">\n<ul>\n<li>H\u00e9rnia sujeita a cirurgia ou n\u00e3o<\/li>\n<li>Traumatismos<\/li>\n<li>Fraturas osteopor\u00f3ticas<\/li>\n<li>Artroses<\/li>\n<li>Espondil\u00f3lise e espondilolistese<\/li>\n<li>Instabilidade do tronco no lesado medular ou outras altera\u00e7\u00f5es neurol\u00f3gicas<\/li>\n<li>P\u00f3s-operat\u00f3rios<\/li>\n<li>Indicado para a regi\u00e3o dorso-lombossacral<\/li>\n<\/ul>\n<h2 id=\"carac\" class=\"produto-caracteristica\">Caracter\u00edsticas<\/h2>\n<ul>\n<li><strong>Reto = Restri\u00e7\u00e3o Maior<\/strong>\u00a0do Quadril<\/li>\n<li><strong>Modelado = Restri\u00e7\u00e3o Menor<\/strong>\u00a0do Quadril<\/li>\n<li>As talas internas em duralum\u00ednio devem ser moldadas ao corpo por um profissional da sa\u00fade e d\u00e3o a estabiliza\u00e7\u00e3o necess\u00e1ria \u00e0 regi\u00e3o lombossacral ou dorso-lombossacral<\/li>\n<li>Os fechos aderentes permitem melhor ajuste ao corpo<\/li>\n<li>As faixas el\u00e1sticas sobrepostas aumentam a estabiliza\u00e7\u00e3o<\/li>\n<li>Confeccionado em el\u00e1stico de alta resist\u00eancia, que garante durabilidade ao produto<\/li>\n<\/ul>\n<h2 id=\"espec\" class=\"produto-especificacoes\">Especifica\u00e7\u00f5es<\/h2>\n<ul>\n<li>Cont\u00e9m:\u00a0<strong>01 Unidade<\/strong><\/li>\n<li>Peso: 420g<\/li>\n<li>Composi\u00e7\u00e3o: 70% poli\u00e9ster e 30% elastodieno<\/li>\n<\/ul>\n<h2 id=\"tabela\" class=\"produto-tabela\">Tabela De Medidas<\/h2>\n<table class=\"prodtable\">\n<tbody>\n<tr>\n<th>Tamanho<\/th>\n<th>Circunfer\u00eancia<br \/>\ndo Abd\u00f4men<\/th>\n<\/tr>\n<tr>\n<td style=\"text-align: center;\"><strong>P<\/strong><\/td>\n<td style=\"text-align: center;\">74-83cm<\/td>\n<\/tr>\n<tr>\n<td style=\"text-align: center;\"><strong>M<\/strong><\/td>\n<td style=\"text-align: center;\">84-93cm<\/td>\n<\/tr>\n<tr>\n<td style=\"text-align: center;\"><strong>G<\/strong><\/td>\n<td style=\"text-align: center;\">94-103cm<\/td>\n<\/tr>\n<tr>\n<td style=\"text-align: center;\"><strong>GG<\/strong><\/td>\n<td style=\"text-align: center;\">104-113cm<\/td>\n<\/tr>\n<tr>\n<td style=\"text-align: center;\"><strong>XG<\/strong><br \/>\n<strong>(somente no<br \/>\nmodelo reto)<\/strong><\/td>\n<td style=\"text-align: center;\">114-123cm<\/td>\n<\/tr>\n<\/tbody>\n<\/table>\n<\/div>\n","protected":false},"excerpt":{"rendered":"<p>Finalidade H\u00e9rnia sujeita a cirurgia ou n\u00e3o Traumatismos Fraturas osteopor\u00f3ticas Artroses Espondil\u00f3lise e espondilolistese Instabilidade do tronco no lesado medular ou outras altera\u00e7\u00f5es neurol\u00f3gicas P\u00f3s-operat\u00f3rios Indicado para a regi\u00e3o dorso-lombossacral Caracter\u00edsticas Reto = Restri\u00e7\u00e3o Maior\u00a0do Quadril Modelado = Restri\u00e7\u00e3o Menor\u00a0do Quadril As talas internas em duralum\u00ednio devem ser moldadas ao corpo por um profissional da [&hellip;]<\/p>\n","protected":false},"featured_media":237,"comment_status":"closed","ping_status":"closed","template":"","meta":[],"class_list":{"0":"post-236","1":"product","2":"type-product","3":"status-publish","4":"has-post-thumbnail","6":"product_cat-coletes-ortopedicos","8":"first","9":"instock","10":"shipping-taxable","11":"product-type-simple"},"_links":{"self":[{"href":"https:\/\/www.ortopedicav2.com.br\/site\/wp-json\/wp\/v2\/product\/236"}],"collection":[{"href":"https:\/\/www.ortopedicav2.com.br\/site\/wp-json\/wp\/v2\/product"}],"about":[{"href":"https:\/\/www.ortopedicav2.com.br\/site\/wp-json\/wp\/v2\/types\/product"}],"replies":[{"embeddable":true,"href":"https:\/\/www.ortopedicav2.com.br\/site\/wp-json\/wp\/v2\/comments?post=236"}],"wp:featuredmedia":[{"embeddable":true,"href":"https:\/\/www.ortopedicav2.com.br\/site\/wp-json\/wp\/v2\/media\/237"}],"wp:attachment":[{"href":"https:\/\/www.ortopedicav2.com.br\/site\/wp-json\/wp\/v2\/media?parent=236"}],"curies":[{"name":"wp","href":"https:\/\/api.w.org\/{rel}","templated":true}]}}